{"id":1298,"date":"2020-03-25T11:10:35","date_gmt":"2020-03-25T10:10:35","guid":{"rendered":"https:\/\/www1.kkl.si\/?page_id=1298"},"modified":"2026-08-30T15:44:45","modified_gmt":"2026-08-30T13:44:45","slug":"domov","status":"publish","type":"page","link":"https:\/\/www1.kkl.si\/sl\/","title":{"rendered":"Domov"},"content":{"rendered":"<div id=\"pl-1298\"  class=\"panel-layout\" ><div id=\"pg-1298-0\"  class=\"panel-grid panel-no-style\" ><div id=\"pgc-1298-0-0\"  class=\"panel-grid-cell\" ><div id=\"panel-1298-0-0-0\" class=\"so-panel widget widget_sow-slider panel-first-child panel-last-child\" data-index=\"0\" ><div\n\t\t\t\n\t\t\tclass=\"so-widget-sow-slider so-widget-sow-slider-default-6d39609536fd-1298\"\n\t\t\t\n\t\t>\t\t\t\t<div class=\"sow-slider-base\" style=\"display: none\" tabindex=\"0\">\n\t\t\t\t\t<ul\n\t\t\t\t\tclass=\"sow-slider-images\"\n\t\t\t\t\tdata-settings=\"{&quot;pagination&quot;:true,&quot;speed&quot;:800,&quot;timeout&quot;:8000,&quot;paused&quot;:false,&quot;pause_on_hover&quot;:true,&quot;swipe&quot;:true,&quot;nav_always_show_desktop&quot;:true,&quot;nav_always_show_mobile&quot;:true,&quot;breakpoint&quot;:&quot;780px&quot;,&quot;unmute&quot;:false,&quot;anchor&quot;:null}\"\n\t\t\t\t\t\t\t\t\t\tdata-anchor-id=\"\"\n\t\t\t\t>\t\t<li class=\"sow-slider-image\" style=\"visibility: visible;;cursor: pointer;\" data-url=\"{&quot;url&quot;:&quot;https:\\\/\\\/www1.kkl.si\\\/sl\\\/slovenski-abonma-2026-2027\\\/&quot;,&quot;new_window&quot;:false}\" >\n\t\t\t\t\t\t\t\t\t\t<a href=\"https:\/\/www1.kkl.si\/sl\/slovenski-abonma-2026-2027\/\"\n\t\t\t\t>\n\t\t\t<img loading=\"lazy\" decoding=\"async\" width=\"1500\" height=\"400\" src=\"https:\/\/www1.kkl.si\/wp-content\/uploads\/2026\/08\/2026_08_13_SLO_abonma-1.png\" class=\"sow-slider-background-image\" alt=\"\" style=\"\" srcset=\"https:\/\/www1.kkl.si\/wp-content\/uploads\/2026\/08\/2026_08_13_SLO_abonma-1.png 1500w, https:\/\/www1.kkl.si\/wp-content\/uploads\/2026\/08\/2026_08_13_SLO_abonma-1-400x107.png 400w\" sizes=\"auto, (max-width: 1500px) 100vw, 1500px\" \/><\/a>\t\t<\/li>\n\t\t\t\t<li class=\"sow-slider-image\" style=\"visibility: hidden;;cursor: pointer;\" data-url=\"{&quot;url&quot;:&quot;https:\\\/\\\/www1.kkl.si\\\/sl\\\/karady-in-ljubezen\\\/&quot;,&quot;new_window&quot;:false}\" >\n\t\t\t\t\t\t\t\t\t\t<a href=\"https:\/\/www1.kkl.si\/sl\/karady-in-ljubezen\/\"\n\t\t\t\t>\n\t\t\t<img loading=\"lazy\" decoding=\"async\" width=\"1500\" height=\"400\" src=\"https:\/\/www1.kkl.si\/wp-content\/uploads\/2026\/08\/2026_09_10_karady_slo.jpg\" class=\"sow-slider-background-image\" alt=\"\" style=\"\" srcset=\"https:\/\/www1.kkl.si\/wp-content\/uploads\/2026\/08\/2026_09_10_karady_slo.jpg 1500w, https:\/\/www1.kkl.si\/wp-content\/uploads\/2026\/08\/2026_09_10_karady_slo-400x107.jpg 400w\" sizes=\"auto, (max-width: 1500px) 100vw, 1500px\" \/><\/a>\t\t<\/li>\n\t\t\t\t<li class=\"sow-slider-image\" style=\"visibility: hidden;;cursor: pointer;\" data-url=\"{&quot;url&quot;:&quot;https:\\\/\\\/www1.kkl.si\\\/sl\\\/razstava-od-bakle-do-svetilke-tisocletja-svetlobe-v-rudnikih\\\/&quot;,&quot;new_window&quot;:false}\" >\n\t\t\t\t\t\t\t\t\t\t<a href=\"https:\/\/www1.kkl.si\/sl\/razstava-od-bakle-do-svetilke-tisocletja-svetlobe-v-rudnikih\/\"\n\t\t\t\t>\n\t\t\t<img loading=\"lazy\" decoding=\"async\" width=\"1500\" height=\"400\" src=\"https:\/\/www1.kkl.si\/wp-content\/uploads\/2026\/06\/2026_06_27_od_bakle_do_svetilke_si.jpg\" class=\"sow-slider-background-image\" alt=\"\" style=\"\" srcset=\"https:\/\/www1.kkl.si\/wp-content\/uploads\/2026\/06\/2026_06_27_od_bakle_do_svetilke_si.jpg 1500w, https:\/\/www1.kkl.si\/wp-content\/uploads\/2026\/06\/2026_06_27_od_bakle_do_svetilke_si-400x107.jpg 400w\" sizes=\"auto, (max-width: 1500px) 100vw, 1500px\" \/><\/a>\t\t<\/li>\n\t\t\t\t<li class=\"sow-slider-image\" style=\"visibility: hidden;;cursor: pointer;\" data-url=\"{&quot;url&quot;:&quot;https:\\\/\\\/www1.kkl.si\\\/sl\\\/zbiranje-stampiljk-za-otroke-v-letu-2026\\\/&quot;,&quot;new_window&quot;:false}\" >\n\t\t\t\t\t\t\t\t\t\t<a href=\"https:\/\/www1.kkl.si\/sl\/zbiranje-stampiljk-za-otroke-v-letu-2026\/\"\n\t\t\t\t>\n\t\t\t<img loading=\"lazy\" decoding=\"async\" width=\"1500\" height=\"400\" src=\"https:\/\/www1.kkl.si\/wp-content\/uploads\/2026\/02\/2026_02_12_zbiranje_stampiljk_slo.jpg\" class=\"sow-slider-background-image\" alt=\"\" style=\"\" srcset=\"https:\/\/www1.kkl.si\/wp-content\/uploads\/2026\/02\/2026_02_12_zbiranje_stampiljk_slo.jpg 1500w, https:\/\/www1.kkl.si\/wp-content\/uploads\/2026\/02\/2026_02_12_zbiranje_stampiljk_slo-400x107.jpg 400w\" sizes=\"auto, (max-width: 1500px) 100vw, 1500px\" \/><\/a>\t\t<\/li>\n\t\t\t\t<li class=\"sow-slider-image\" style=\"visibility: hidden;;cursor: pointer;\" data-url=\"{&quot;url&quot;:&quot;https:\\\/\\\/www.kkl.si\\\/&quot;,&quot;new_window&quot;:false}\" >\n\t\t\t\t\t\t\t\t\t\t<a href=\"https:\/\/www.kkl.si\/\"\n\t\t\t\t>\n\t\t\t<img loading=\"lazy\" decoding=\"async\" width=\"1500\" height=\"400\" src=\"https:\/\/www1.kkl.si\/wp-content\/uploads\/2017\/04\/kkl_slider.jpg\" class=\"sow-slider-background-image\" alt=\"\" style=\"\" srcset=\"https:\/\/www1.kkl.si\/wp-content\/uploads\/2017\/04\/kkl_slider.jpg 1500w, https:\/\/www1.kkl.si\/wp-content\/uploads\/2017\/04\/kkl_slider-400x107.jpg 400w\" sizes=\"auto, (max-width: 1500px) 100vw, 1500px\" \/><\/a>\t\t<\/li>\n\t\t\t\t<li class=\"sow-slider-image\" style=\"visibility: hidden;;cursor: pointer;\" data-url=\"{&quot;url&quot;:&quot;https:\\\/\\\/www1.kkl.si\\\/360\\\/&quot;,&quot;new_window&quot;:true}\" >\n\t\t\t\t\t\t\t\t\t\t<a href=\"https:\/\/www1.kkl.si\/360\/\"\n\t\t\t\t\t\t\t\t\t\t\t\t\t\t\ttarget=\"_blank\" \t\t\t\t\t\t\t\t\t\t\t\t\t\t\t\t\t\t\t\trel=\"noopener noreferrer\" \t\t\t\t\t\t\t\t\t>\n\t\t\t<img loading=\"lazy\" decoding=\"async\" width=\"1500\" height=\"400\" src=\"https:\/\/www1.kkl.si\/wp-content\/uploads\/2020\/08\/GKD_360_pogled_slider-si.jpg\" class=\"sow-slider-background-image\" alt=\"\" style=\"\" srcset=\"https:\/\/www1.kkl.si\/wp-content\/uploads\/2020\/08\/GKD_360_pogled_slider-si.jpg 1500w, https:\/\/www1.kkl.si\/wp-content\/uploads\/2020\/08\/GKD_360_pogled_slider-si-400x107.jpg 400w\" sizes=\"auto, (max-width: 1500px) 100vw, 1500px\" \/><\/a>\t\t<\/li>\n\t\t\t\t<li class=\"sow-slider-image\" style=\"visibility: hidden;;cursor: pointer;\" data-url=\"{&quot;url&quot;:&quot;https:\\\/\\\/kulturnibazar.si\\\/kuv-na-daljavo\\\/&quot;,&quot;new_window&quot;:true}\" >\n\t\t\t\t\t\t\t\t\t\t<a href=\"https:\/\/kulturnibazar.si\/kuv-na-daljavo\/\"\n\t\t\t\t\t\t\t\t\t\t\t\t\t\t\ttarget=\"_blank\" \t\t\t\t\t\t\t\t\t\t\t\t\t\t\t\t\t\t\t\trel=\"noopener noreferrer\" \t\t\t\t\t\t\t\t\t>\n\t\t\t<img loading=\"lazy\" decoding=\"async\" width=\"1500\" height=\"400\" src=\"https:\/\/www1.kkl.si\/wp-content\/uploads\/2020\/11\/2020_11_16_KUV_na_daljavo_kulturni_bazar.jpg\" class=\"sow-slider-background-image\" alt=\"\" style=\"\" srcset=\"https:\/\/www1.kkl.si\/wp-content\/uploads\/2020\/11\/2020_11_16_KUV_na_daljavo_kulturni_bazar.jpg 1500w, https:\/\/www1.kkl.si\/wp-content\/uploads\/2020\/11\/2020_11_16_KUV_na_daljavo_kulturni_bazar-400x107.jpg 400w\" sizes=\"auto, (max-width: 1500px) 100vw, 1500px\" \/><\/a>\t\t<\/li>\n\t\t<\/ul>\t\t\t\t<ol class=\"sow-slider-pagination\">\n\t\t\t\t\t\t\t\t\t\t\t<li><a href=\"#\" data-goto=\"0\" aria-label=\"Display slide 1\"><\/a><\/li>\n\t\t\t\t\t\t\t\t\t\t\t<li><a href=\"#\" data-goto=\"1\" aria-label=\"Display slide 2\"><\/a><\/li>\n\t\t\t\t\t\t\t\t\t\t\t<li><a href=\"#\" data-goto=\"2\" aria-label=\"Display slide 3\"><\/a><\/li>\n\t\t\t\t\t\t\t\t\t\t\t<li><a href=\"#\" data-goto=\"3\" aria-label=\"Display slide 4\"><\/a><\/li>\n\t\t\t\t\t\t\t\t\t\t\t<li><a href=\"#\" data-goto=\"4\" aria-label=\"Display slide 5\"><\/a><\/li>\n\t\t\t\t\t\t\t\t\t\t\t<li><a href=\"#\" data-goto=\"5\" aria-label=\"Display slide 6\"><\/a><\/li>\n\t\t\t\t\t\t\t\t\t\t\t<li><a href=\"#\" data-goto=\"6\" aria-label=\"Display slide 7\"><\/a><\/li>\n\t\t\t\t\t\t\t\t\t<\/ol>\n\n\t\t\t\t<div class=\"sow-slide-nav sow-slide-nav-next\">\n\t\t\t\t\t<a href=\"#\" data-goto=\"next\" aria-label=\"Next slide\" data-action=\"next\">\n\t\t\t\t\t\t<em class=\"sow-sld-icon-thick-right\"><\/em>\n\t\t\t\t\t<\/a>\n\t\t\t\t<\/div>\n\n\t\t\t\t<div class=\"sow-slide-nav sow-slide-nav-prev\">\n\t\t\t\t\t<a href=\"#\" data-goto=\"previous\" aria-label=\"Previous slide\" data-action=\"prev\">\n\t\t\t\t\t\t<em class=\"sow-sld-icon-thick-left\"><\/em>\n\t\t\t\t\t<\/a>\n\t\t\t\t<\/div>\n\t\t\t\t<\/div><\/div><\/div><\/div><\/div><div id=\"pg-1298-1\"  class=\"panel-grid panel-no-style\" ><div id=\"pgc-1298-1-0\"  class=\"panel-grid-cell\" ><div id=\"panel-1298-1-0-0\" class=\"so-panel widget widget_sow-editor panel-first-child panel-last-child\" data-index=\"1\" ><div\n\t\t\t\n\t\t\tclass=\"so-widget-sow-editor so-widget-sow-editor-base\"\n\t\t\t\n\t\t>\n<div class=\"siteorigin-widget-tinymce textwidget\">\n\t<p><span style=\"font-size: 32px;\"> <i class=\"fas fa-bookmark\"><\/i> Novice in obvestila<\/span><\/p>\n<ul class=\"display-posts-listing\"><li class=\"listing-item\"><a class=\"image\" href=\"https:\/\/www1.kkl.si\/sl\/festival-vinarium-2026-etno-veceri\/\"><img loading=\"lazy\" decoding=\"async\" width=\"150\" height=\"139\" src=\"https:\/\/www1.kkl.si\/wp-content\/uploads\/2026\/08\/banner_Vestnik_320x1300_FV2026-e1787481502462-150x139.png\" class=\"attachment-thumbnail size-thumbnail wp-post-image\" alt=\"\" \/><\/a> <a class=\"title\" href=\"https:\/\/www1.kkl.si\/sl\/festival-vinarium-2026-etno-veceri\/\">FESTIVAL VINARIUM 2026: Etno ve\u010deri<\/a> <span class=\"excerpt\">V sklopu Festivala Vinarium 2026 vas vabimo na pestro dogajanje na letnem odru Gledali\u0161ke in koncertne dvorane Lendava.\r\n\r\nMed 24. in 27. avgustom se bodo zvrstili etno ve\u010deri, ki bodo poznopoletne ve\u010dere napolnili z raznolikimi glasbenimi ritmi, tradicijo in prijetnim festivalskim vzdu\u0161jem.<\/span><\/li><li class=\"listing-item\"><a class=\"image\" href=\"https:\/\/www1.kkl.si\/sl\/festival-vinarium-2026-koncert-pod-zvezdami\/\"><img loading=\"lazy\" decoding=\"async\" width=\"150\" height=\"150\" src=\"https:\/\/www1.kkl.si\/wp-content\/uploads\/2026\/08\/letak_A5_koncert_pod_zvezdami_FV2026-1-e1787127648154-150x150.png\" class=\"attachment-thumbnail size-thumbnail wp-post-image\" alt=\"\" \/><\/a> <a class=\"title\" href=\"https:\/\/www1.kkl.si\/sl\/festival-vinarium-2026-koncert-pod-zvezdami\/\">FESTIVAL VINARIUM 2026: Koncert pod zvezdami<\/a> <span class=\"excerpt\">Vljudno vabljeni na Koncert pod zvezdami, ki bo 20. avgusta 2026, ob 20. uri na letnem odru Gledali\u0161ke in koncertne dvorane Lendava. Nastopile bodo mlade doma\u010de umetnice: Pia Novak (sopran), Katja Ferenc (flavta) in Brina Gerebic (balet).<\/span><\/li><li class=\"listing-item\"><a class=\"image\" href=\"https:\/\/www1.kkl.si\/sl\/slovenski-abonma-v-gledaliski-sezoni-2026-2027\/\"><img loading=\"lazy\" decoding=\"async\" width=\"150\" height=\"150\" src=\"https:\/\/www1.kkl.si\/wp-content\/uploads\/2026\/08\/plakat_B1_Abonma2026-27_DVOJ_splet-scaled-150x150.jpg\" class=\"attachment-thumbnail size-thumbnail wp-post-image\" alt=\"\" \/><\/a> <a class=\"title\" href=\"https:\/\/www1.kkl.si\/sl\/slovenski-abonma-v-gledaliski-sezoni-2026-2027\/\">Slovenski abonma v gledali\u0161ki sezoni 2026\/2027<\/a> <span class=\"excerpt\">Javni zavod Knji\u017enica \u2013 Kulturni center Lendava organizira slovenski abonma v gledali\u0161ki sezoni 2026\/2027. Dobrodo\u0161li v novi sezoni!<\/span><\/li><li class=\"listing-item\"><a class=\"image\" href=\"https:\/\/www1.kkl.si\/sl\/poletni-program-2026\/\"><img loading=\"lazy\" decoding=\"async\" width=\"150\" height=\"150\" src=\"https:\/\/www1.kkl.si\/wp-content\/uploads\/2026\/07\/plakat_B1_GKD_poletni_program_2026-scaled-e1783007980306-150x150.jpg\" class=\"attachment-thumbnail size-thumbnail wp-post-image\" alt=\"\" \/><\/a> <a class=\"title\" href=\"https:\/\/www1.kkl.si\/sl\/poletni-program-2026\/\">Poletni program 2026<\/a> <span class=\"excerpt\">V mesecu avgustu vas Knji\u017enica \u2013 Kulturni center Lendava vljudno vabi na otro\u0161ke in lutkovne predstave ter koncerte v sklopu Poletnega programa 2026!<\/span><\/li><li class=\"listing-item\"><a class=\"image\" href=\"https:\/\/www1.kkl.si\/sl\/razstava-v-sklopu-mednarodnega-projekta-heraitage-digitalna-zbirka-zgodb\/\"><img loading=\"lazy\" decoding=\"async\" width=\"150\" height=\"150\" src=\"https:\/\/www1.kkl.si\/wp-content\/uploads\/2026\/07\/Plakat_razstava_zgodbe-price_HKD_2026-e1783352647246-150x150.jpg\" class=\"attachment-thumbnail size-thumbnail wp-post-image\" alt=\"\" \/><\/a> <a class=\"title\" href=\"https:\/\/www1.kkl.si\/sl\/razstava-v-sklopu-mednarodnega-projekta-heraitage-digitalna-zbirka-zgodb\/\">Razstava v sklopu mednarodnega projekta HER[AI]TAGE: Digitalna zbirka zgodb<\/a> <span class=\"excerpt\">Spo\u0161tovani, vljudno vas vabimo na odprtje razstave Digitalna zbirka zgodb, nastale v okviru mednarodnega projekta HER[AI]TAGE, ki bo v sredo, 8. julija 2026, ob 18.00 v Kulturnem centru Lendava \u2013 razstavni prostor.<\/span><\/li><\/ul>\n<p><a href=\"https:\/\/www1.kkl.si\/category\/novice-in-obvestila\/\"><i class=\"fa fa-search-plus fa-fw\"><\/i> <strong>Arhiv novic in obvestil<\/strong><\/a><\/p>\n<\/div>\n<\/div><\/div><\/div><div id=\"pgc-1298-1-1\"  class=\"panel-grid-cell\" ><div id=\"panel-1298-1-1-0\" class=\"so-panel widget widget_sow-editor panel-first-child\" data-index=\"2\" ><div\n\t\t\t\n\t\t\tclass=\"so-widget-sow-editor so-widget-sow-editor-base\"\n\t\t\t\n\t\t>\n<div class=\"siteorigin-widget-tinymce textwidget\">\n\t<p><span style=\"font-size: 32px;\"><i class=\"fas fa-bookmark\"><\/i> Razpisi<\/span><\/p>\n\n<p><a href=\"https:\/\/www1.kkl.si\/category\/razpisi-pretekli\/\"><strong><i class=\"fas fa-search-plus\"><\/i> Arhiv razpisov<\/strong><\/a><\/p>\n<p>&nbsp;<\/p>\n<\/div>\n<\/div><\/div><div id=\"panel-1298-1-1-1\" class=\"so-panel widget widget_sow-editor panel-last-child\" data-index=\"3\" ><div class=\"panel-widget-style panel-widget-style-for-1298-1-1-1\" ><div\n\t\t\t\n\t\t\tclass=\"so-widget-sow-editor so-widget-sow-editor-base\"\n\t\t\t\n\t\t>\n<div class=\"siteorigin-widget-tinymce textwidget\">\n\t<p><span style=\"font-size: 32px; color: #3a3a3a;\"><i class=\"fas fa-bookmark\"><\/i> Javne informacije<\/span><\/p>\n<ul class=\"display-posts-listing\"><li class=\"listing-item\"><a class=\"title\" href=\"https:\/\/www1.kkl.si\/sl\/cenik-uporabe-prostorov-osnovnih-sredstev-in-storitev-v-gledaliski-in-koncertni-dvorani-lendava\/\">Cenik uporabe prostorov, osnovnih sredstev in storitev v Gledali\u0161ki in koncertni dvorani Lendava<\/a><\/li><li class=\"listing-item\"><a class=\"title\" href=\"https:\/\/www1.kkl.si\/sl\/podarite-darilni-bon-knjiznice-kulturnega-centra-lendava-lendvai-konyvtar-es-kulturalis-kozpont\/\">Podarite darilni bon Knji\u017enice \u2013 Kulturnega centra Lendava \u2013 Lendvai K\u00f6nyvt\u00e1r \u00e9s Kultur\u00e1lis K\u00f6zpont!<\/a><\/li><\/ul>\n<p><a href=\"https:\/\/www1.kkl.si\/category\/javne-informacije\/\"><i class=\"fa fa-search-plus fa-fw\"><\/i> <strong>Arhiv javnih informacij<\/strong><\/a><\/p>\n<hr \/>\n<p>Javni zavod Knji\u017enica \u2013 Kulturni center Lendava<\/p>\n<ul>\n<li><a href=\"https:\/\/www.kkl.si\/katalog-informacij-javnega-znacaja\/\">Katalog informacij javnega zna\u010daja<\/a><\/li>\n<li><a href=\"https:\/\/www.kkl.si\/svet-javnega-zavoda-knjiznica-kulturni-center-lendava\/\">Svet javnega zavoda Knji\u017enica \u2013 Kulturni center Lendava<\/a><\/li>\n<\/ul>\n<\/div>\n<\/div><\/div><\/div><\/div><div id=\"pgc-1298-1-2\"  class=\"panel-grid-cell\" ><div id=\"panel-1298-1-2-0\" class=\"so-panel widget widget_sow-editor panel-first-child panel-last-child\" data-index=\"4\" ><div class=\"panel-widget-style panel-widget-style-for-1298-1-2-0\" ><div\n\t\t\t\n\t\t\tclass=\"so-widget-sow-editor so-widget-sow-editor-base\"\n\t\t\t\n\t\t>\n<div class=\"siteorigin-widget-tinymce textwidget\">\n\t<p><span style=\"font-size: 24pt;\"><i class=\"fas fa-chevron-circle-right\"><\/i> Priporo\u010damo<\/span><\/p>\n<p><a href=\"https:\/\/www1.kkl.si\/sl\/slovenski-abonma-2026-2027\/\"><img loading=\"lazy\" decoding=\"async\" class=\"alignnone wp-image-27611 size-large\" src=\"https:\/\/www1.kkl.si\/wp-content\/uploads\/2026\/08\/plakat_B1_Abonma2026-27_DVOJ_splet-scaled-1050x1500.jpg\" alt=\"\" width=\"1050\" height=\"1500\" srcset=\"https:\/\/www1.kkl.si\/wp-content\/uploads\/2026\/08\/plakat_B1_Abonma2026-27_DVOJ_splet-scaled-1050x1500.jpg 1050w, https:\/\/www1.kkl.si\/wp-content\/uploads\/2026\/08\/plakat_B1_Abonma2026-27_DVOJ_splet-scaled-280x400.jpg 280w, https:\/\/www1.kkl.si\/wp-content\/uploads\/2026\/08\/plakat_B1_Abonma2026-27_DVOJ_splet-scaled.jpg 1792w\" sizes=\"auto, (max-width: 1050px) 100vw, 1050px\" \/><\/a><\/p>\n<p><span style=\"font-size: 32px;\"><i class=\"fab fa-facebook\"><\/i> Na\u0161a facebook stran<\/span><\/p>\n<p><a href=\"https:\/\/www.facebook.com\/gkdlendava\/\"><img loading=\"lazy\" decoding=\"async\" class=\"slika alignnone wp-image-6487 size-full\" title=\"GKD Lendava na facebooku\" src=\"https:\/\/www1.kkl.si\/wp-content\/uploads\/2022\/02\/povezava_facebook_SLO.jpg\" alt=\"\" width=\"1500\" height=\"400\" srcset=\"https:\/\/www1.kkl.si\/wp-content\/uploads\/2022\/02\/povezava_facebook_SLO.jpg 1500w, https:\/\/www1.kkl.si\/wp-content\/uploads\/2022\/02\/povezava_facebook_SLO-400x107.jpg 400w\" sizes=\"auto, (max-width: 1500px) 100vw, 1500px\" \/><\/a><\/p>\n<p><span style=\"font-size: 32px;\"><i class=\"fas fa-link\"><\/i> Povezave<\/span><\/p>\n<p><a href=\"http:\/\/kjekaj.kl-kl.si\/\"><img loading=\"lazy\" decoding=\"async\" class=\"slika alignnone wp-image-9667 size-full\" title=\"KjeKaj - Koledar dogodkov v Lendavi\" src=\"https:\/\/www1.kkl.si\/wp-content\/uploads\/2022\/11\/povezava_kjekaj_SLO.png\" alt=\"\" width=\"1500\" height=\"400\" srcset=\"https:\/\/www1.kkl.si\/wp-content\/uploads\/2022\/11\/povezava_kjekaj_SLO.png 1500w, https:\/\/www1.kkl.si\/wp-content\/uploads\/2022\/11\/povezava_kjekaj_SLO-400x107.png 400w\" sizes=\"auto, (max-width: 1500px) 100vw, 1500px\" \/><\/a><br \/>\n<a href=\"http:\/\/kudus.si\/\"><img loading=\"lazy\" decoding=\"async\" class=\"slika alignnone wp-image-2814 size-full\" title=\"KUDUS\" src=\"https:\/\/www1.kkl.si\/wp-content\/uploads\/2021\/05\/povezava_KUDUS.png\" alt=\"\" width=\"1500\" height=\"526\" srcset=\"https:\/\/www1.kkl.si\/wp-content\/uploads\/2021\/05\/povezava_KUDUS.png 1500w, https:\/\/www1.kkl.si\/wp-content\/uploads\/2021\/05\/povezava_KUDUS-400x140.png 400w\" sizes=\"auto, (max-width: 1500px) 100vw, 1500px\" \/><\/a><br \/>\n<a href=\"https:\/\/www.gov.si\/zbirke\/projekti-in-programi\/30-let-samostojnosti-slovenije\/\"><img loading=\"lazy\" decoding=\"async\" class=\"slika alignnone wp-image-2820 size-full\" title=\"SLOVENIJA 30 LET\" src=\"https:\/\/www1.kkl.si\/wp-content\/uploads\/2021\/05\/povezava_30let_SLOVENIJA.png\" alt=\"\" width=\"1500\" height=\"530\" srcset=\"https:\/\/www1.kkl.si\/wp-content\/uploads\/2021\/05\/povezava_30let_SLOVENIJA.png 1500w, https:\/\/www1.kkl.si\/wp-content\/uploads\/2021\/05\/povezava_30let_SLOVENIJA-400x141.png 400w\" sizes=\"auto, (max-width: 1500px) 100vw, 1500px\" \/><\/a><\/p>\n<\/div>\n<\/div><\/div><\/div><\/div><\/div><\/div>","protected":false},"excerpt":{"rendered":"<p>Novice in obvestila Arhiv novic in obvestil Razpisi Arhiv razpisov &nbsp; Javne informacije Arhiv javnih informacij Javni zavod Knji\u017enica \u2013 Kulturni center Lendava Katalog informacij javnega zna\u010daja Svet javnega zavoda Knji\u017enica \u2013 Kulturni center Lendava Priporo\u010damo Na\u0161a facebook stran Povezave<\/p>\n","protected":false},"author":2,"featured_media":0,"parent":0,"menu_order":0,"comment_status":"closed","ping_status":"closed","template":"home-panels.php","meta":{"footnotes":""},"class_list":["post-1298","page","type-page","status-publish","hentry","post"],"_links":{"self":[{"href":"https:\/\/www1.kkl.si\/sl\/wp-json\/wp\/v2\/pages\/1298","targetHints":{"allow":["GET"]}}],"collection":[{"href":"https:\/\/www1.kkl.si\/sl\/wp-json\/wp\/v2\/pages"}],"about":[{"href":"https:\/\/www1.kkl.si\/sl\/wp-json\/wp\/v2\/types\/page"}],"author":[{"embeddable":true,"href":"https:\/\/www1.kkl.si\/sl\/wp-json\/wp\/v2\/users\/2"}],"replies":[{"embeddable":true,"href":"https:\/\/www1.kkl.si\/sl\/wp-json\/wp\/v2\/comments?post=1298"}],"version-history":[{"count":1671,"href":"https:\/\/www1.kkl.si\/sl\/wp-json\/wp\/v2\/pages\/1298\/revisions"}],"predecessor-version":[{"id":27928,"href":"https:\/\/www1.kkl.si\/sl\/wp-json\/wp\/v2\/pages\/1298\/revisions\/27928"}],"wp:attachment":[{"href":"https:\/\/www1.kkl.si\/sl\/wp-json\/wp\/v2\/media?parent=1298"}],"curies":[{"name":"wp","href":"https:\/\/api.w.org\/{rel}","templated":true}]}}